{"id":32471,"date":"2026-04-29T14:24:22","date_gmt":"2026-04-29T11:24:22","guid":{"rendered":"https:\/\/edam.com.tr\/urun\/isiklar-altindaki-topraklar\/"},"modified":"2026-04-29T14:33:44","modified_gmt":"2026-04-29T11:33:44","slug":"isiklar-altindaki-topraklar","status":"publish","type":"product","link":"https:\/\/edam.com.tr\/en\/product\/isiklar-altindaki-topraklar\/","title":{"rendered":"I\u015f\u0131klar Alt\u0131ndaki Topraklar"},"content":{"rendered":"<p>Hatice annesiyle beraber \u00e7ar\u015f\u0131ya inmedi\u011fine pi\u015fman olmu\u015ftu. Tahmininden daha \u00e7abuk s\u0131k\u0131lm\u0131\u015ft\u0131. Yerde yiyecek arayan bir kar\u0131nca ailesini izlemeye ba\u015flad\u0131. Etrafa bakt\u0131, iki g\u00fcnl\u00fck ekme\u011fin k\u0131t\u0131r taraf\u0131n\u0131 ufalay\u0131p kar\u0131ncalarla payla\u015ft\u0131. Kar\u0131ncalar\u0131n, k\u0131r\u0131nt\u0131lar\u0131 duvardaki minik bir \u00e7atlaktan i\u00e7eriye ta\u015f\u0131malar\u0131n\u0131 izledi. Evrene k\u0131yasla ne kadar da k\u00fc\u00e7\u00fck ve \u00f6nemsiz olduklar\u0131n\u0131 fark edip etmediklerini d\u00fc\u015f\u00fcnd\u00fc. Kendisi de ayn\u0131 \u015fekilde k\u00fc\u00e7\u00fck ve \u00f6nemsiz miydi?<\/p>\n","protected":false},"excerpt":{"rendered":"<p>Hatice annesiyle beraber \u00e7ar\u015f\u0131ya inmedi\u011fine pi\u015fman olmu\u015ftu. Tahmininden daha \u00e7abuk&hellip;<\/p>\n<p> <a class=\"more-link\" href=\"https:\/\/edam.com.tr\/en\/product\/isiklar-altindaki-topraklar\/\">Read more<\/a><\/p>\n","protected":false},"featured_media":32470,"comment_status":"open","ping_status":"closed","template":"","meta":{"_acf_changed":false},"product_brand":[],"product_cat":[466,439,465],"product_tag":[],"class_list":{"0":"post-32471","1":"product","2":"type-product","3":"status-publish","4":"has-post-thumbnail","6":"product_cat-fiction-ya","7":"product_cat-literature","8":"product_cat-ya","9":"pa_katki-saglayan-shereen-malherbe","10":"pa_katki-saglayan-zeynep-alp-en","11":"pa_yas-gruplari-general-audience","13":"first","14":"instock","15":"featured","16":"taxable","17":"shipping-taxable","18":"purchasable","19":"product-type-simple"},"acf":[],"_links":{"self":[{"href":"https:\/\/edam.com.tr\/en\/wp-json\/wp\/v2\/product\/32471","targetHints":{"allow":["GET"]}}],"collection":[{"href":"https:\/\/edam.com.tr\/en\/wp-json\/wp\/v2\/product"}],"about":[{"href":"https:\/\/edam.com.tr\/en\/wp-json\/wp\/v2\/types\/product"}],"replies":[{"embeddable":true,"href":"https:\/\/edam.com.tr\/en\/wp-json\/wp\/v2\/comments?post=32471"}],"wp:featuredmedia":[{"embeddable":true,"href":"https:\/\/edam.com.tr\/en\/wp-json\/wp\/v2\/media\/32470"}],"wp:attachment":[{"href":"https:\/\/edam.com.tr\/en\/wp-json\/wp\/v2\/media?parent=32471"}],"wp:term":[{"taxonomy":"product_brand","embeddable":true,"href":"https:\/\/edam.com.tr\/en\/wp-json\/wp\/v2\/product_brand?post=32471"},{"taxonomy":"product_cat","embeddable":true,"href":"https:\/\/edam.com.tr\/en\/wp-json\/wp\/v2\/product_cat?post=32471"},{"taxonomy":"product_tag","embeddable":true,"href":"https:\/\/edam.com.tr\/en\/wp-json\/wp\/v2\/product_tag?post=32471"}],"curies":[{"name":"wp","href":"https:\/\/api.w.org\/{rel}","templated":true}]}}